{"id":31,"date":"2020-08-18T18:07:06","date_gmt":"2020-08-18T21:07:06","guid":{"rendered":"https:\/\/valeriagayoso.wordpress.com\/?page_id=31"},"modified":"2023-08-21T14:57:04","modified_gmt":"2023-08-21T14:57:04","slug":"home-2","status":"publish","type":"page","link":"https:\/\/valeriagayoso.com.ar\/","title":{"rendered":"Home"},"content":{"rendered":"\n<div class=\"wp-block-group alignfull has-background-light-background-color has-background is-layout-flow wp-container-core-group-is-layout-1 wp-block-group-is-layout-flow\" style=\"border-style:none;border-width:0px;border-radius:0px;padding-top:0;padding-right:0;padding-bottom:0;padding-left:0\">\n<h1 class=\"wp-block-heading has-heading-color has-text-color\" style=\"font-style:normal;font-weight:700\">Desarrollo de recursos &amp; Sostenibilidad<\/h1>\n\n\n\n<p class=\"has-heading-color has-primary-background-color has-text-color has-background\" style=\"font-size:17px\"><strong>Organizaciones de la Sociedad Civil y proyectos con impacto socio ambiental positivo<\/strong><\/p>\n\n\n\n<p class=\"has-heading-color has-text-color\">Un mayor impacto de las organizaciones sin fines de lucro es posible si \u00e9stas logran crear sistemas autosustentables, entender el contexto y actuar con flexibilidad, comunicar su causa de manera efectiva y llevar una propuesta relevante, significativa y atractiva para convocar a la comunidad, donantes y voluntarios.<\/p>\n<\/div>\n\n\n\n<div class=\"wp-block-cover alignfull has-parallax wp-duotone-unset-1\"><span aria-hidden=\"true\" class=\"wp-block-cover__background has-body-text-background-color has-background-dim-40 has-background-dim\"><\/span><div role=\"img\" class=\"wp-block-cover__image-background wp-image-699 has-parallax\" style=\"background-position:50% 50%;background-image:url(https:\/\/valeriagayoso.com.ar\/wp-content\/uploads\/2023\/08\/pexels-los-muertos-crew-7205812-1-scaled.jpeg)\"><\/div><div class=\"wp-block-cover__inner-container is-layout-flow wp-block-cover-is-layout-flow\">\n<p class=\"has-text-align-center has-primary-color has-text-color has-extra-large-font-size\"><strong>Crea una comunidad conectada y sensible con tu causa<\/strong><\/p>\n<\/div><\/div>\n\n\n\n<h2 class=\"wp-block-heading has-text-align-left has-primary-color has-heading-background-color has-text-color has-background has-large-font-size\" id=\"Servicios\" style=\"font-style:normal;font-weight:400\"><strong>Servicios<\/strong><\/h2>\n\n\n\n<div class=\"wp-block-group alignfull has-base-background-color has-background is-layout-flow wp-block-group-is-layout-flow\">\n<p class=\"has-heading-color has-text-color has-small-font-size\"><strong>Organizaciones Sin Fines de Lucro. Proyectos con impacto socio ambiental positivo. Instituciones educativas. Instituciones de la salud. Proyectos culturales.<\/strong><\/p>\n\n\n\n<div class=\"wp-block-columns has-2-columns is-layout-flex wp-container-core-columns-is-layout-1 wp-block-columns-is-layout-flex\">\n<div class=\"wp-block-column is-vertically-aligned-top is-layout-flow wp-block-column-is-layout-flow\" style=\"flex-basis:20%\">\n<figure class=\"wp-block-image aligncenter size-full is-resized wp-duotone-6de294-616161-2\"><img loading=\"lazy\" decoding=\"async\" src=\"https:\/\/valeriagayoso.com.ar\/wp-content\/uploads\/2023\/07\/noun_goal_2334727-1.png\" alt=\"\" class=\"wp-image-578\" width=\"182\" height=\"156\" srcset=\"https:\/\/valeriagayoso.com.ar\/wp-content\/uploads\/2023\/07\/noun_goal_2334727-1.png 690w, https:\/\/valeriagayoso.com.ar\/wp-content\/uploads\/2023\/07\/noun_goal_2334727-1-300x257.png 300w\" sizes=\"(max-width: 182px) 100vw, 182px\" \/><\/figure>\n<\/div>\n\n\n\n<div class=\"wp-block-column is-layout-flow wp-block-column-is-layout-flow\" style=\"flex-basis:80%\">\n<h3 class=\"wp-block-heading margin-bottom-half has-heading-color has-text-color\">Plan estrat\u00e9gico de fundraising y engagement<\/h3>\n\n\n\n<h4 class=\"wp-block-heading has-heading-color has-text-color has-medium-font-size\" style=\"font-style:normal;font-weight:300\">Identifica fuentes potenciales de financiamiento, convoca a m\u00e1s personas para que apoyen tu causa, genera donantes leales y mejora los indicadores de impacto de tu organizaci\u00f3n.<\/h4>\n\n\n\n<p class=\"margin-top-half has-heading-color has-text-color has-body-text-font-size\">Brindo asesoramiento  para dise\u00f1ar estrategias de fundraising e involucramiento &#8211;  <em>engagement<\/em> &#8211; con el objetivo de lograr la sustentabilidad y  fortalecimiento de organizaciones sin fines de lucro y  proyectos con impacto socio ambiental positivo. Propongo un abordaje de trabajo a la medida de cada organizaci\u00f3n o proyecto para identificar fuentes de financiamiento ,  grupos de afinidad  y canales de recaudaci\u00f3n y engagement. Trabajo de manera integrada  con las distintas \u00e1reas de la organizaci\u00f3n con el fin de alcanzar el logro de los objetivos en cada una las etapas del plan: Diagn\u00f3stico.  Plan de estrategias de fundraising y engagement. Implementaci\u00f3n. Medici\u00f3n.  Optimizaci\u00f3n.<\/p>\n\n\n\n<hr class=\"wp-block-separator has-text-color has-secondary-color has-alpha-channel-opacity has-secondary-background-color has-background is-style-wide\"\/>\n<\/div>\n<\/div>\n\n\n\n<div class=\"wp-block-columns has-2-columns is-layout-flex wp-container-core-columns-is-layout-2 wp-block-columns-is-layout-flex\">\n<div class=\"wp-block-column is-vertically-aligned-top is-layout-flow wp-block-column-is-layout-flow\" style=\"flex-basis:20%\">\n<figure class=\"wp-block-image aligncenter size-full wp-duotone-6de294-616161-3\"><img loading=\"lazy\" decoding=\"async\" width=\"700\" height=\"577\" src=\"https:\/\/valeriagayoso.com.ar\/wp-content\/uploads\/2023\/08\/noun-volunteers-66594.png\" alt=\"\" class=\"wp-image-714\" srcset=\"https:\/\/valeriagayoso.com.ar\/wp-content\/uploads\/2023\/08\/noun-volunteers-66594.png 700w, https:\/\/valeriagayoso.com.ar\/wp-content\/uploads\/2023\/08\/noun-volunteers-66594-300x247.png 300w\" sizes=\"(max-width: 700px) 100vw, 700px\" \/><\/figure>\n<\/div>\n\n\n\n<div class=\"wp-block-column is-layout-flow wp-block-column-is-layout-flow\" style=\"flex-basis:80%\">\n<h3 class=\"wp-block-heading margin-bottom-half has-heading-color has-text-color\">Campa\u00f1as de donaciones y voluntariado<\/h3>\n\n\n\n<h4 class=\"wp-block-heading has-heading-color has-text-color has-medium-font-size\" style=\"font-style:normal;font-weight:300\">Suma apoyo para tu proyecto y genera una experiencia memorable entre  la comunidad de donantes, voluntarios y tu causa.<\/h4>\n\n\n\n<p class=\"margin-top-half has-heading-color has-text-color has-body-text-font-size\">Dise\u00f1o de campa\u00f1as especiales de fundraising y engagement para sumar donantes, voluntarios y simpatizantes con la causa.  Gu\u00edo y acompa\u00f1o el proceso creativo para dise\u00f1ar y comunicar una <strong>propuesta relevante, significativa y atractiva.<\/strong><\/p>\n\n\n\n<hr class=\"wp-block-separator has-text-color has-secondary-color has-alpha-channel-opacity has-secondary-background-color has-background is-style-wide\"\/>\n<\/div>\n<\/div>\n\n\n\n<div class=\"wp-block-columns has-2-columns is-layout-flex wp-container-core-columns-is-layout-3 wp-block-columns-is-layout-flex\">\n<div class=\"wp-block-column is-vertically-aligned-top is-layout-flow wp-block-column-is-layout-flow\" style=\"flex-basis:20%\">\n<figure class=\"wp-block-image aligncenter size-full wp-duotone-6de294-616161-4\"><img loading=\"lazy\" decoding=\"async\" width=\"700\" height=\"700\" src=\"https:\/\/valeriagayoso.com.ar\/wp-content\/uploads\/2023\/08\/noun-solution-5155389.png\" alt=\"\" class=\"wp-image-715\" srcset=\"https:\/\/valeriagayoso.com.ar\/wp-content\/uploads\/2023\/08\/noun-solution-5155389.png 700w, https:\/\/valeriagayoso.com.ar\/wp-content\/uploads\/2023\/08\/noun-solution-5155389-300x300.png 300w, https:\/\/valeriagayoso.com.ar\/wp-content\/uploads\/2023\/08\/noun-solution-5155389-150x150.png 150w\" sizes=\"(max-width: 700px) 100vw, 700px\" \/><\/figure>\n<\/div>\n\n\n\n<div class=\"wp-block-column is-layout-flow wp-block-column-is-layout-flow\" style=\"flex-basis:80%\">\n<h3 class=\"wp-block-heading margin-bottom-half has-heading-color has-text-color\">Talleres y charlas<\/h3>\n\n\n\n<h4 class=\"wp-block-heading margin-bottom-half has-medium-font-size\" style=\"font-style:normal;font-weight:300\">Inspiraci\u00f3n, tendencias y aprendizaje para aplicar a los planes de fundraising y engagement.<\/h4>\n\n\n\n<p class=\"margin-top-half has-heading-color has-text-color has-body-text-font-size\">Planificaci\u00f3n Estrat\u00e9gica de Fundraising. Econom\u00eda del Comportamiento, Fundraising y Comunicaci\u00f3n. Tendencias globales en Fundraising.<\/p>\n<\/div>\n<\/div>\n<\/div>\n\n\n\n<h2 class=\"wp-block-heading has-text-align-left has-primary-color has-heading-background-color has-text-color has-background has-large-font-size\">Algunos proyectos<\/h2>\n\n\n\n<div class=\"wp-block-group alignfull is-layout-flow wp-block-group-is-layout-flow\" style=\"padding-top:20px;padding-right:20px;padding-bottom:20px;padding-left:20px\">\n<h2 class=\"wp-block-heading has-text-align-left has-heading-color has-text-color\" style=\"font-style:normal;font-weight:300\">Fundraising e Innovaci\u00f3n. Desarrollo de capacidades. <\/h2>\n\n\n\n<div class=\"wp-block-columns has-2-columns is-layout-flex wp-container-core-columns-is-layout-5 wp-block-columns-is-layout-flex\">\n<div class=\"wp-block-column is-layout-flow wp-block-column-is-layout-flow\">\n<div class=\"wp-block-columns is-layout-flex wp-container-core-columns-is-layout-4 wp-block-columns-is-layout-flex\">\n<div class=\"wp-block-column is-layout-flow wp-block-column-is-layout-flow\">\n<p class=\"has-heading-color has-text-color has-extra-small-font-size\"><strong>Aldeas Infantiles SOS LAAM<\/strong>, <em>organizaci\u00f3n que trabaja por los derechos de ni\u00f1os y j\u00f3venes a vivir en familia.<\/em> Proyecto regional de <strong>Econom\u00eda del Comportamiento y Neurociencias, Fundraising y Engagement, Decision Science Lab SOS Children\u00b4s Villages Latin America.<\/strong> El proyecto es liderado por la consultora MarceloIniarra.com. Desde septiembre de 2018 integro un equipo interdisciplinario para la investigaci\u00f3n, dise\u00f1o y plan de implementaci\u00f3n de l\u00edneas de investigaci\u00f3n de las Ciencias de las Decisiones aplicado a Fundraising y Engagement en cinco pa\u00edses de Latinoam\u00e9rica.<br>Un proyecto innovador que tiene la finalidad de entender c\u00f3mo act\u00faan y c\u00f3mo toman decisiones las personas para dise\u00f1ar caminos que estimulen acciones pro sociales que se vean reflejadas en el <strong>desempe\u00f1o de los canales de adquisici\u00f3n &amp; retenci\u00f3n de donantes individuales.<\/strong><\/p>\n\n\n\n<hr class=\"wp-block-separator has-text-color has-secondary-color has-alpha-channel-opacity has-secondary-background-color has-background is-style-wide\"\/>\n\n\n\n<p class=\"has-heading-color has-text-color has-extra-small-font-size\"><strong>Multiple Sclerosis International Federation. <\/strong>Colabor\u00e9 en la <strong>construcci\u00f3n de capacidades<\/strong> y <strong>Plan Estrat\u00e9gico de Fundraising Digital <\/strong>de tres asociaciones de Esclerosis M\u00faltiple en Latinoam\u00e9rica: en Paraguay, Costa Rica y Colombia.<\/p>\n<\/div>\n\n\n\n<div class=\"wp-block-column is-layout-flow wp-block-column-is-layout-flow\">\n<p class=\"has-heading-color has-text-color has-extra-small-font-size\"><strong>M\u00e9dicos Sin Fronteras M\u00e9xico<\/strong>. Project Manager en la Consultor\u00eda de Transformaci\u00f3n Cultural y Digital para establecer el \u00e1rea digital de MSF en M\u00e9xico y Am\u00e9rica Central. Liderado por una Consultora Internacional.<\/p>\n\n\n\n<hr class=\"wp-block-separator has-text-color has-secondary-color has-alpha-channel-opacity has-secondary-background-color has-background is-style-wide\"\/>\n\n\n\n<p class=\"has-heading-color has-text-color has-extra-small-font-size\"><strong>C<strong>hange the Game Academy,<\/strong> <\/strong><em>organizaci\u00f3n holandesa que tiene la misi\u00f3n <\/em>de apoyar a las organizaciones de base comunitaria y organizaciones no gubernamentales peque\u00f1as y medianas del Sur Global para fortalecer sus capacidades. Realic\u00e9 una<strong> investigaci\u00f3n de recursos de ense\u00f1anza en espa\u00f1ol<\/strong> para sus cursos de <strong>E-Learning<\/strong> en Fundraising Local y Movilizaci\u00f3n de apoyo local.<\/p>\n\n\n\n<hr class=\"wp-block-separator has-text-color has-secondary-color has-alpha-channel-opacity has-secondary-background-color has-background is-style-wide\"\/>\n\n\n\n<p class=\"has-heading-color has-text-color has-extra-small-font-size\"><strong>Club de Fundraising, <\/strong><em>primera comunidad digital que acerca tendencias del fundraising global a las organizaciones y fundraisers de Iberoam\u00e9rica<\/em>. Soy Coordinadora y editora de contenidos. <\/p>\n\n\n\n<hr class=\"wp-block-separator has-text-color has-secondary-color has-alpha-channel-opacity has-secondary-background-color has-background is-style-wide\"\/>\n\n\n\n<p class=\"has-heading-color has-text-color has-extra-small-font-size\"><strong>Academia del Club de Fundraising<\/strong>. Coordin\u00e9 el lanzamiento de la Academia del Club de Fundraising en junio de 2019 y fui una de las oradoras del Primer Seminario Internacional en l\u00ednea.<\/p>\n\n\n\n<hr class=\"wp-block-separator has-text-color has-secondary-color has-alpha-channel-opacity has-secondary-background-color has-background is-style-wide\"\/>\n\n\n\n<p class=\"has-heading-color has-text-color\"><strong>Banco de Proyectos Comunitarios Rurales<\/strong>. Impulsado por la Red Comunidades Rurales, Argentina. Me desempe\u00f1o como Especialista en Desarrollo &amp; Sostenibilidad.<\/p>\n<\/div>\n<\/div>\n<\/div>\n<\/div>\n<\/div>\n\n\n\n<div class=\"wp-block-cover alignfull has-parallax wp-duotone-unset-5\" style=\"min-height:430px;aspect-ratio:unset;\"><span aria-hidden=\"true\" class=\"wp-block-cover__background has-base-background-color has-background-dim-20 has-background-dim\"><\/span><div role=\"img\" class=\"wp-block-cover__image-background wp-image-175 has-parallax\" style=\"background-position:50% 50%;background-image:url(https:\/\/valeriagayoso.com.ar\/wp-content\/uploads\/2020\/08\/11880383_10207889111573980_7620693560812954071_n-e1598198535888.jpg)\"><\/div><div class=\"wp-block-cover__inner-container is-layout-flow wp-block-cover-is-layout-flow\">\n<p class=\"has-text-align-center has-primary-color has-text-color has-extra-large-font-size\"><strong>Presentaciones y publicaciones<\/strong><\/p>\n<\/div><\/div>\n\n\n\n<div class=\"wp-block-columns is-layout-flex wp-container-core-columns-is-layout-7 wp-block-columns-is-layout-flex\" style=\"padding-top:20px;padding-right:20px;padding-bottom:20px;padding-left:20px\">\n<div class=\"wp-block-column is-layout-flow wp-block-column-is-layout-flow\" style=\"flex-basis:100%\">\n<div class=\"wp-block-group is-nowrap is-layout-flex wp-container-core-group-is-layout-4 wp-block-group-is-layout-flex\">\n<div class=\"wp-block-columns is-layout-flex wp-container-core-columns-is-layout-6 wp-block-columns-is-layout-flex\">\n<div class=\"wp-block-column is-layout-flow wp-block-column-is-layout-flow\">\n<p class=\"has-heading-color has-text-color\">\u2022 Colaboraci\u00f3n en el<strong> libro \u201cChange for Better, lecciones de los principales fundraisers globales acerca de las ciencias de las decisiones\u201d,<\/strong> de los autores Bernard Ross, Madeleine Croucher, Omar Mahmoud, Meredith Niles ; para contar <strong>el caso \u201cEconom\u00eda del comportamiento y neurociencias en fundraising y engagement para SOS Children\u00b4s Villages\u201d<\/strong> junto a <strong>Marcelo Iniarra y Ana Paola P\u00e9rez.<\/strong><\/p>\n\n\n\n<p class=\"has-heading-color has-text-color\">\u2022 Presentadora en la <strong>III Edici\u00f3n de<\/strong> <strong>Decision Science Lab de Aldeas Infantiles SOS LAAM. <\/strong>Tema de la Sesi\u00f3n: <strong>\u00bfQu\u00e9 tienen en com\u00fan los juegos on line, la felicidad y el fundraising? Ciencias de las Decisiones aplicada a la retenci\u00f3n de donantes: impacto en los indicadores life time, life time value &amp; attrition rate.<\/strong> &#8211; Abril 2021<\/p>\n\n\n\n<p class=\"has-heading-color has-text-color\">\u2022 <strong>Finalistas<\/strong> de <strong>ReImagining Fundraising<\/strong> <strong>2020<\/strong>, <a href=\"https:\/\/reimaginingfundraising.hypeinnovation.com\/\" target=\"_blank\" rel=\"noreferrer noopener\">primer desaf\u00edo global<\/a> de <strong>innovaci\u00f3n para fundraising<\/strong>.  Colaboradora y co-presentadora en el pitch de una de las diez <a href=\"https:\/\/reimaginingfundraising.hypeinnovation.com\/servlet\/hype\/IMT?documentTableId=2702238349671836331&amp;userAction=Browse&amp;templateName=&amp;documentId=6a1ac22a4aceafe713388d3e1d7b308c\" target=\"_blank\" rel=\"noreferrer noopener\">propuestas finalistas<\/a>: &#8220;Re-Imagining Fundraising Brain Lab: A pop-up decision science collaborative research&#8221;. Presentado por Marcelo Iniarra. Ana Paola P\u00e9rez Barona y Valeria Gayoso. Diciembre 2020.<\/p>\n<\/div>\n\n\n\n<div class=\"wp-block-column is-layout-flow wp-block-column-is-layout-flow\">\n<p class=\"has-heading-color has-text-color\">\u2022  Presentadora en el <strong>SkillShare2020 de Aldeas Infantiles SOS Internacional<\/strong>. Tema de la Sesi\u00f3n: <strong>Econom\u00eda del Comportamiento y el retorno a F2F. Escenario Post Covid-19. \u00bfC\u00f3mo nos reinventamos?<\/strong> &#8211; Agosto de 2020<\/p>\n\n\n\n<p class=\"has-heading-color has-text-color\">\u2022 <strong>Academia del Club de Fundraising. <\/strong>Oradora en el <a href=\"http:\/\/academia.clubdefundraising.com\/\" target=\"_blank\" rel=\"noreferrer noopener\">Primer Seminario<\/a> Internacional en l\u00ednea, en espa\u00f1ol, de Econom\u00eda del Comportamiento, Fundraising y Comunicaci\u00f3n &#8211; Junio de 2019<\/p>\n\n\n\n<p class=\"has-heading-color has-text-color\">\u2022 Ex alumna de <strong>El Mundo de las ideas.<\/strong> Curso de Creatividad e Innovaci\u00f3n. Presentaci\u00f3n en el evento de cierre &#8211; Agosto de 2015<\/p>\n\n\n\n<p class=\"has-heading-color has-text-color\">\u2022 Publicaciones en el Club de Fundraising, primera comunidad digital que acerca tendencias del fundraising global en idioma espa\u00f1ol.<a href=\"https:\/\/valeriagayoso.com.ar\/blog\/\" target=\"_blank\" rel=\"noreferrer noopener\"> Click aqu\u00ed<\/a><\/p>\n<\/div>\n<\/div>\n<\/div>\n<\/div>\n<\/div>\n","protected":false},"excerpt":{"rendered":"<p>Desarrollo de recursos &amp; Sostenibilidad Organizaciones de la Sociedad Civil y proyectos con impacto socio ambiental positivo Un mayor impacto de las organizaciones sin fines de lucro es posible si \u00e9stas logran crear sistemas autosustentables, entender el contexto y actuar con flexibilidad, comunicar su causa de manera efectiva y llevar una propuesta relevante, significativa y [&hellip;]<\/p>\n","protected":false},"author":1,"featured_media":0,"parent":0,"menu_order":0,"comment_status":"closed","ping_status":"closed","template":"","meta":{"footnotes":""},"_links":{"self":[{"href":"https:\/\/valeriagayoso.com.ar\/index.php\/wp-json\/wp\/v2\/pages\/31"}],"collection":[{"href":"https:\/\/valeriagayoso.com.ar\/index.php\/wp-json\/wp\/v2\/pages"}],"about":[{"href":"https:\/\/valeriagayoso.com.ar\/index.php\/wp-json\/wp\/v2\/types\/page"}],"author":[{"embeddable":true,"href":"https:\/\/valeriagayoso.com.ar\/index.php\/wp-json\/wp\/v2\/users\/1"}],"replies":[{"embeddable":true,"href":"https:\/\/valeriagayoso.com.ar\/index.php\/wp-json\/wp\/v2\/comments?post=31"}],"version-history":[{"count":62,"href":"https:\/\/valeriagayoso.com.ar\/index.php\/wp-json\/wp\/v2\/pages\/31\/revisions"}],"predecessor-version":[{"id":798,"href":"https:\/\/valeriagayoso.com.ar\/index.php\/wp-json\/wp\/v2\/pages\/31\/revisions\/798"}],"wp:attachment":[{"href":"https:\/\/valeriagayoso.com.ar\/index.php\/wp-json\/wp\/v2\/media?parent=31"}],"curies":[{"name":"wp","href":"https:\/\/api.w.org\/{rel}","templated":true}]}}